{"id":452466,"date":"2021-11-23T17:02:34","date_gmt":"2021-11-23T16:02:34","guid":{"rendered":"https:\/\/www.yonelle.pl\/produkt\/eliksir-pieknosci-nasycony-rozami\/"},"modified":"2025-01-15T11:25:06","modified_gmt":"2025-01-15T10:25:06","slug":"roses-szepseg-elixir-rozsakkal-telitve","status":"publish","type":"product","link":"https:\/\/www.yonelle.pl\/hu\/produkt\/roses-szepseg-elixir-rozsakkal-telitve\/","title":{"rendered":"ROSES Sz\u00e9ps\u00e9g Elix\u00edr R\u00f3zs\u00e1kkal Tel\u00edtve"},"content":{"rendered":"<p>KOBIECESS\u00c9G \u2022 VONZER\u0150 \u2022 \u00d6R\u00d6M \u2022 SZ\u00c9PS\u00c9G \u2022 \u00c9RZ\u00c9KEK \u2022 CS\u00c1B\u00cdT\u00c1S<\/p>\n<h3>MEGFIATAL\u00cdTOTT B\u0150R M\u00c9G SZEBB \u00c9S RAGYOG\u00d3<\/h3>\n<p><strong> A ROSES sorozat csillaga!<\/strong><\/p>\n<p>Pr\u00e9mium \u00e1pol\u00f3 Sz\u00e9ps\u00e9g Elix\u00edr \u00e9rz\u00e9ki, luxusos illattal. \u00c9rt\u00e9kes r\u00f3zs\u00e1k \u00f6sszetev\u0151ivel gazdag\u00edtva: a Sz\u00e9ps\u00e9g Elix\u00edr \u00f6sszetev\u0151inek 95%-a r\u00f3zs\u00e1kb\u00f3l sz\u00e1rmazik! <strong>Csod\u00e1latosan sz\u00e9p\u00edti \u00e9s fiatal\u00edtja minden b\u0151rt\u00edpus megjelen\u00e9s\u00e9t. L\u00e1tv\u00e1nyos ragyog\u00e1st \u00e9s leny\u0171g\u00f6z\u0151 simas\u00e1got biztos\u00edt.<\/strong> Hidrat\u00e1l \u00e9s regener\u00e1l. Nagy potenci\u00e1llal rendelkezik a b\u0151r meg\u00faj\u00edt\u00e1s\u00e1ban \u00e9s t\u00f6k\u00e9letes megjelen\u00e9s\u00e9nek biztos\u00edt\u00e1s\u00e1ban.<\/p>\n<p><strong>K\u00fcl\u00f6nb\u00f6z\u0151 ig\u00e9nyeknek megfelel\u0151en biztos\u00edtja:<\/strong><\/p>\n<ul>\n<li>\u00e9lettelis\u00e9get \u00e9s frissess\u00e9get a f\u00e1radt b\u0151rnek,<\/li>\n<\/ul>\n<ul>\n<li>az \u00e9rett b\u0151r sz\u00edn\u00e9nek ragyog\u00e1s\u00e1t \u00e9s fiatalos f\u00e9ny\u00e9t,<\/li>\n<\/ul>\n<ul>\n<li>a kipirosod\u00e1s cs\u00f6kkent\u00e9s\u00e9t az \u00e9rz\u00e9keny b\u0151rnek,<\/li>\n<\/ul>\n<ul>\n<li>a t\u00e1g p\u00f3rus\u00fa b\u0151r \u00f6sszeh\u00faz\u00e1s\u00e1t \u00e9s l\u00e1that\u00f3s\u00e1guk cs\u00f6kkent\u00e9s\u00e9t,<\/li>\n<\/ul>\n<ul>\n<li>a probl\u00e9m\u00e1s b\u0151r t\u00f6k\u00e9letlens\u00e9geinek cs\u00f6kkent\u00e9s\u00e9t,<\/li>\n<\/ul>\n<ul>\n<li>az \u00e9rz\u00e9keny b\u0151r megnyugtat\u00e1s\u00e1t \u00e9s \u00e1llapot\u00e1nak jav\u00edt\u00e1s\u00e1t.<\/li>\n<\/ul>\n<p><strong>KETT\u0150S ALKALMAZ\u00c1S<\/strong><\/p>\n<p><a href=\"https:\/\/www.yonelle.pl\/wp-content\/uploads\/2021\/11\/rozany_luksus_znaczek_02-150x150.png\"><img decoding=\"async\" class=\"alignleft wp-image-311949 \" src=\"https:\/\/www.yonelle.pl\/wp-content\/uploads\/2021\/11\/rozany_luksus_znaczek_02-150x150.png\" alt=\"\" width=\"70\" height=\"70\" srcset=\"https:\/\/www.yonelle.pl\/wp-content\/uploads\/2021\/11\/rozany_luksus_znaczek_02-150x150.png 150w, https:\/\/www.yonelle.pl\/wp-content\/uploads\/2021\/11\/rozany_luksus_znaczek_02-100x100.png 100w, https:\/\/www.yonelle.pl\/wp-content\/uploads\/2021\/11\/rozany_luksus_znaczek_02-145x145.png 145w, https:\/\/www.yonelle.pl\/wp-content\/uploads\/2021\/11\/rozany_luksus_znaczek_02-40x40.png 40w\" sizes=\"(max-width: 70px) 100vw, 70px\" \/><\/a>A R\u00d3ZS\u00c1KKAL GAZDAG\u00cdTOTT SZ\u00c9PS\u00c9G ELIKSZ\u00cdR kett\u0151s alkalmaz\u00e1ssal rendelkezik: aj\u00e1nlott mind az arcra, mind a szem alatti ter\u00fcletre. Az akt\u00edv \u00f6sszetev\u0151k kiv\u00e1l\u00f3an megfelelnek a szem alatti b\u0151r ig\u00e9nyeinek, jav\u00edtj\u00e1k a mikrokering\u00e9st, r\u00e1nctalan\u00edt\u00f3 hat\u00e1s\u00faak, m\u00edg a b\u0151rrel kompatibilis alapok t\u00f6k\u00e9letes \u00e1pol\u00e1st, hidrat\u00e1l\u00e1st \u00e9s er\u0151s\u00edt\u00e9st biztos\u00edtanak a b\u0151rnek.<\/p>\n<p><strong>ROSES SENSUAL CONCEPT<\/strong><\/p>\n<p>A ROSES kozmetikumok fokozott b\u0151rmeg\u00faj\u00edt\u00f3 potenci\u00e1llal rendelkeznek, \u00e9s t\u00f6k\u00e9letes megjelen\u00e9st biztos\u00edtanak a tudom\u00e1nyosan igazolt AGY-B\u0150R interakci\u00f3 kihaszn\u00e1l\u00e1s\u00e1val. <strong>Ennek forr\u00e1sa az \u00c9RZELMI SZ\u00c9PS\u00c9G HAT\u00c1SA.<\/strong> A r\u00f3zs\u00e1k elb\u0171v\u00f6l\u0151 illata az \u00f6r\u00f6m, \u00e9rz\u00e9kis\u00e9g, relax\u00e1ci\u00f3 aur\u00e1j\u00e1ba rep\u00edt. Ennek k\u00f6sz\u00f6nhet\u0151en a b\u0151r m\u00e9g szebb \u00e9s ragyog\u00f3bb lesz.<\/p>\n<p>&nbsp;<\/p>\n<p>&nbsp;<\/p>\n","protected":false},"excerpt":{"rendered":"<p>Gwiazda sorozat ROSES! Sz\u00e9ps\u00e9g Elix\u00edr pr\u00e9mium \u00e1pol\u00e1shoz. Fokozott b\u0151rmeg\u00faj\u00edt\u00f3 potenci\u00e1llal rendelkezik, \u00e9s t\u00f6k\u00e9letes megjelen\u00e9st k\u00f6lcs\u00f6n\u00f6z. Kiv\u00e1l\u00f3an sz\u00e9p\u00edti \u00e9s fiatal\u00edtja minden b\u0151rt\u00edpus megjelen\u00e9s\u00e9t. Leny\u0171g\u00f6z\u0151 ragyog\u00e1st \u00e9s elk\u00e9peszt\u0151 simas\u00e1got biztos\u00edt. Hidrat\u00e1l \u00e9s regener\u00e1l.<\/p>\n","protected":false},"featured_media":452106,"comment_status":"open","ping_status":"closed","template":"","meta":{"_acf_changed":false,"inline_featured_image":false},"product_brand":[],"product_cat":[1352],"product_tag":[1344,1316,1321,1372,1268,1266,1284,1271,1302,1379,1272,1273,1274,1275,1276,1277,1342],"class_list":{"0":"post-452466","1":"product","2":"type-product","3":"status-publish","4":"has-post-thumbnail","6":"product_cat-roses-hu","7":"product_tag-arcapolo-szerum","8":"product_tag-egyenetlen-szinu-erett-bor","9":"product_tag-intensywne-nawilzenie-i-blask_serum-hu","10":"product_tag-minimalizacja-niedoskonalosci-hu","11":"product_tag-mlodzienczy-blask-hu","12":"product_tag-kremserum-na-dziennoc-hu","13":"product_tag-nawilzanie-hu","14":"product_tag-rancok-csokkentese","15":"product_tag-redukcja-zaczerwienien-hu","16":"product_tag-redukcja-zaczerwienien-i-zmniejszenie-niedoskonalosci_serum-hu","17":"product_tag-rozswietlenie-hu","18":"product_tag-skora-mieszana-hu","19":"product_tag-skora-naczynkowa-hu","20":"product_tag-skora-normalna-hu","21":"product_tag-skora-sucha-hu","22":"product_tag-skora-tlusta-hu","23":"product_tag-szemkrem-szerum","24":"pa_dzialanie-dojrzala-bardzo-sucha-skora-hu","25":"pa_dzialanie-dojrzala-skora-o-nierownym-kolorycie-hu","26":"pa_dzialanie-dojrzala-skora-wrazliwa-hu","27":"pa_dzialanie-redukcja-zmarszczek-hu","29":"first","30":"outofstock","31":"shipping-taxable","32":"purchasable","33":"product-type-simple"},"acf":[],"df_price":369,"df_sale_price":"","df_regular_price":369,"df_image_link":"https:\/\/www.yonelle.pl\/wp-content\/uploads\/2021\/11\/ELIKSIR-PIEKNOSCI-NASYCONY-ROZAMI_1_strona_1000x1000-300x300.jpg","_links":{"self":[{"href":"https:\/\/www.yonelle.pl\/hu\/wp-json\/wp\/v2\/product\/452466","targetHints":{"allow":["GET"]}}],"collection":[{"href":"https:\/\/www.yonelle.pl\/hu\/wp-json\/wp\/v2\/product"}],"about":[{"href":"https:\/\/www.yonelle.pl\/hu\/wp-json\/wp\/v2\/types\/product"}],"replies":[{"embeddable":true,"href":"https:\/\/www.yonelle.pl\/hu\/wp-json\/wp\/v2\/comments?post=452466"}],"wp:featuredmedia":[{"embeddable":true,"href":"https:\/\/www.yonelle.pl\/hu\/wp-json\/wp\/v2\/media\/452106"}],"wp:attachment":[{"href":"https:\/\/www.yonelle.pl\/hu\/wp-json\/wp\/v2\/media?parent=452466"}],"wp:term":[{"taxonomy":"product_brand","embeddable":true,"href":"https:\/\/www.yonelle.pl\/hu\/wp-json\/wp\/v2\/product_brand?post=452466"},{"taxonomy":"product_cat","embeddable":true,"href":"https:\/\/www.yonelle.pl\/hu\/wp-json\/wp\/v2\/product_cat?post=452466"},{"taxonomy":"product_tag","embeddable":true,"href":"https:\/\/www.yonelle.pl\/hu\/wp-json\/wp\/v2\/product_tag?post=452466"}],"curies":[{"name":"wp","href":"https:\/\/api.w.org\/{rel}","templated":true}]}}